{"id":13,"date":"2016-07-06T07:39:34","date_gmt":"2016-07-06T07:39:34","guid":{"rendered":"http:\/\/www.foerderverein-bc.de\/?page_id=13"},"modified":"2025-06-27T13:56:22","modified_gmt":"2025-06-27T11:56:22","slug":"kontakt","status":"publish","type":"page","link":"https:\/\/www.foerderverein-bc.de\/index.php\/kontakt\/","title":{"rendered":"Impressum"},"content":{"rendered":"<h1>Impressum<\/h1>\n<p>Verantwortlich als Betreiber dieser Seiten im Sinne \u00a7 6 TDG ist der F\u00f6rderverein f\u00fcr berufliche Fortbildung an den beruflichen Schulen im Landkreis Biberach e.V. mit Sitz in Biberach:<\/p>\n<p>F\u00f6rderverein f\u00fcr berufliche Fortbildung an den beruflichen Schulen im Landkreis Biberach e.V.<\/p>\n<p>Gesch\u00e4ftsstelle<br \/>\nKarl-Arnold-Schule<br \/>\nIm Kreisberufsschulzentrum<br \/>\nPostfach 11 65<br \/>\nLeipzigstra\u00dfe 11<br \/>\n88381 Biberach \/ Ri\u00df<\/p>\n<p>Tel.: 07351-346-223<br \/>\nEingetragen im Vereinsregister: Amtsgericht Biberach Nr. 501<br \/>\nVorsitzender:\u00a0 Philipp Gerster<\/p>\n<p>Steuernummer: 54002\/32227<\/p>\n<p>F\u00f6rderverein f\u00fcr berufliche Fortbildung e.V.<br \/>\nGesch\u00e4ftsstelle:<br \/>\nKarl-Arnold-Schule Biberach<br \/>\nLeipzigstr. 11<br \/>\n88400 Biberach<br \/>\nTel.: 07351\/346-223<\/p>\n<h3>Erkl\u00e4rung<\/h3>\n<p>Mit Urteil vom 12. Mai 1998 &#8211; 312 O 85\/98 &#8211; \u201eHaftung f\u00fcr Links\u201c hat das Landgericht Hamburg entschieden, dass man durch die Anbringung eines Links die Inhalte der gelinkten Seiten ggf. mit zu verantworten hat. Dies kann nur dadurch verhindert werden, dass man sich ausdr\u00fccklich von diesen Inhalten distanziert. Hiermit distanziert sich der FbF ausdr\u00fccklich von allen Inhalten aller gelinkten Seiten auf dieser Website und macht sich diese Inhalte nicht zu eigen.<\/p>\n<h3>Haftung<\/h3>\n<p>Das Internetangebot des F\u00f6rdervereins f\u00fcr berufliche Fortbildung steht unter dem Vorbehalt der technischen Verf\u00fcgbarkeit, insbesondere im Hinblick auf erforderliche Wartungsarbeiten und Ausf\u00e4lle durch technische St\u00f6rungen.<\/p>\n<p>Bei der F\u00fclle der zu verarbeitenden Informationen sind trotz sorgf\u00e4ltiger Bearbeitung Fehler oder Unvollst\u00e4ndigkeiten nicht zu vermeiden. F\u00fcr die Richtigkeit der im Rahmen dieses Angebotes abrufbaren Informationen wird deshalb keine Haftung oder Gew\u00e4hrleistung \u00fcbernommen. Eine Haftung f\u00fcr Sch\u00e4den, die sich aus der Verwendung oder Nichtverwendung der ver\u00f6ffentlichten Inhalte ergeben, ist ausgeschlossen.<\/p>\n<p>Alle u.U. auf dieser Website genannten Produktnamen, Produktbezeichnungen und Logos sind eingetragene Warenzeichen und Eigentum der jeweiligen Rechteinhaber.<\/p>\n<h2>Urheberrecht<\/h2>\n<p>Layout, Grafiken und Inhalte dieser Homepage sind urheberrechtlich gesch\u00fctzt. Die Seiten d\u00fcrfen nur zum privaten Gebrauch vervielf\u00e4ltigt werden. \u00c4nderungen d\u00fcrfen nicht vorgenommen und Vervielf\u00e4ltigungsst\u00fccke ohne Genehmigung nicht verbreitet werden.<\/p>\n","protected":false},"excerpt":{"rendered":"<p>Impressum Verantwortlich als Betreiber dieser Seiten im Sinne \u00a7 6 TDG ist der F\u00f6rderverein f\u00fcr berufliche Fortbildung an den beruflichen Schulen im Landkreis Biberach e.V. mit Sitz in Biberach: F\u00f6rderverein f\u00fcr berufliche Fortbildung an den<a class=\"read-more\" href=\"https:\/\/www.foerderverein-bc.de\/index.php\/kontakt\/\">Weiterlesen<\/a><\/p>\n","protected":false},"author":1,"featured_media":0,"parent":0,"menu_order":0,"comment_status":"closed","ping_status":"closed","template":"","meta":{"footnotes":""},"class_list":["post-13","page","type-page","status-publish","hentry"],"_links":{"self":[{"href":"https:\/\/www.foerderverein-bc.de\/index.php\/wp-json\/wp\/v2\/pages\/13","targetHints":{"allow":["GET"]}}],"collection":[{"href":"https:\/\/www.foerderverein-bc.de\/index.php\/wp-json\/wp\/v2\/pages"}],"about":[{"href":"https:\/\/www.foerderverein-bc.de\/index.php\/wp-json\/wp\/v2\/types\/page"}],"author":[{"embeddable":true,"href":"https:\/\/www.foerderverein-bc.de\/index.php\/wp-json\/wp\/v2\/users\/1"}],"replies":[{"embeddable":true,"href":"https:\/\/www.foerderverein-bc.de\/index.php\/wp-json\/wp\/v2\/comments?post=13"}],"version-history":[{"count":7,"href":"https:\/\/www.foerderverein-bc.de\/index.php\/wp-json\/wp\/v2\/pages\/13\/revisions"}],"predecessor-version":[{"id":2412,"href":"https:\/\/www.foerderverein-bc.de\/index.php\/wp-json\/wp\/v2\/pages\/13\/revisions\/2412"}],"wp:attachment":[{"href":"https:\/\/www.foerderverein-bc.de\/index.php\/wp-json\/wp\/v2\/media?parent=13"}],"curies":[{"name":"wp","href":"https:\/\/api.w.org\/{rel}","templated":true}]}}